{"id":36,"date":"2022-07-23T16:15:38","date_gmt":"2022-07-23T21:15:38","guid":{"rendered":"https:\/\/distritoe.travesiaemprendedora.org\/es\/?page_id=36"},"modified":"2023-07-26T15:45:35","modified_gmt":"2023-07-26T20:45:35","slug":"inicio","status":"publish","type":"page","link":"https:\/\/distritoe.travesiaemprendedora.org\/es\/","title":{"rendered":"Inicio"},"content":{"rendered":"<p>[et_pb_section fb_built=\u00bb1&#8243; _builder_version=\u00bb4.17.6&#8243; _module_preset=\u00bbdefault\u00bb custom_padding=\u00bb0px||0px||true|false\u00bb global_colors_info=\u00bb{}\u00bb][et_pb_row admin_label=\u00bbImagen\u00bb _builder_version=\u00bb4.17.6&#8243; _module_preset=\u00bbdefault\u00bb width_tablet=\u00bb\u00bb width_phone=\u00bb100%\u00bb width_last_edited=\u00bbon|phone\u00bb custom_padding=\u00bb0px||0px||true|false\u00bb global_colors_info=\u00bb{}\u00bb][et_pb_column type=\u00bb4_4&#8243; _builder_version=\u00bb4.17.6&#8243; _module_preset=\u00bbdefault\u00bb global_colors_info=\u00bb{}\u00bb][et_pb_image src=\u00bbhttps:\/\/distritoe.travesiaemprendedora.org\/es\/wp-content\/uploads\/2023\/01\/Home.webp\u00bb alt=\u00bbHome M\u00f3vil\u00bb title_text=\u00bbHome-Movil\u00bb show_bottom_space=\u00bboff\u00bb align=\u00bbcenter\u00bb src_tablet=\u00bbhttps:\/\/distritoe.travesiaemprendedora.org\/es\/wp-content\/uploads\/2022\/07\/Home.jpg\u00bb src_phone=\u00bbhttps:\/\/distritoe.travesiaemprendedora.org\/es\/wp-content\/uploads\/2023\/01\/Home-Movil.webp\u00bb src_last_edited=\u00bbon|phone\u00bb _builder_version=\u00bb4.18.0&#8243; _module_preset=\u00bbdefault\u00bb custom_padding=\u00bb0px||0px||true|false\u00bb global_colors_info=\u00bb{}\u00bb][\/et_pb_image][\/et_pb_column][\/et_pb_row][et_pb_row admin_label=\u00bbImagen\u00bb _builder_version=\u00bb4.17.6&#8243; _module_preset=\u00bbdefault\u00bb width_tablet=\u00bb\u00bb width_phone=\u00bb100%\u00bb width_last_edited=\u00bbon|phone\u00bb custom_padding=\u00bb0px||0px||true|false\u00bb global_colors_info=\u00bb{}\u00bb locked=\u00bboff\u00bb][et_pb_column type=\u00bb4_4&#8243; _builder_version=\u00bb4.17.6&#8243; _module_preset=\u00bbdefault\u00bb global_colors_info=\u00bb{}\u00bb][et_pb_image src=\u00bbhttps:\/\/distritoe.travesiaemprendedora.org\/es\/wp-content\/uploads\/2023\/07\/Desafio-E-Desktop-.webp\u00bb alt=\u00bbHome M\u00f3vil\u00bb title_text=\u00bbDesafio-E-Movil-\u00bb url=\u00bbhttps:\/\/distritoe.travesiaemprendedora.org\/es\/inscripcion-desafio\/\u00bb show_bottom_space=\u00bboff\u00bb align=\u00bbcenter\u00bb src_tablet=\u00bbhttps:\/\/distritoe.travesiaemprendedora.org\/es\/wp-content\/uploads\/2022\/07\/Home.jpg\u00bb src_phone=\u00bbhttps:\/\/distritoe.travesiaemprendedora.org\/es\/wp-content\/uploads\/2023\/07\/Desafio-E-Movil-.jpg\u00bb src_last_edited=\u00bbon|phone\u00bb _builder_version=\u00bb4.21.0&#8243; _module_preset=\u00bbdefault\u00bb custom_padding=\u00bb0px||0px||true|false\u00bb hover_enabled=\u00bb0&#8243; global_colors_info=\u00bb{}\u00bb sticky_enabled=\u00bb0&#8243;][\/et_pb_image][\/et_pb_column][\/et_pb_row][et_pb_row admin_label=\u00bb\u00bfQU\u00c9 ES EL CENTRO?\u00bb _builder_version=\u00bb4.17.6&#8243; _module_preset=\u00bbdefault\u00bb background_color=\u00bb#F6F6F6&#8243; width_tablet=\u00bb\u00bb width_phone=\u00bb100%\u00bb width_last_edited=\u00bbon|phone\u00bb custom_padding=\u00bb50px||50px||true|false\u00bb global_colors_info=\u00bb{}\u00bb][et_pb_column type=\u00bb4_4&#8243; _builder_version=\u00bb4.17.6&#8243; _module_preset=\u00bbdefault\u00bb global_colors_info=\u00bb{}\u00bb][et_pb_text admin_label=\u00bb\u00bfQU\u00c9 ES EL CENTRO?\u00bb _builder_version=\u00bb4.17.6&#8243; _module_preset=\u00bbdefault\u00bb header_2_font=\u00bbJunegull||||||||\u00bb header_2_text_align=\u00bbcenter\u00bb header_2_text_color=\u00bb#009845&#8243; header_2_font_size=\u00bb3em\u00bb header_2_font_size_tablet=\u00bb3em\u00bb header_2_font_size_phone=\u00bb2.5em\u00bb header_2_font_size_last_edited=\u00bbon|phone\u00bb global_colors_info=\u00bb{}\u00bb]<\/p>\n<h2>\u00bfQU\u00c9 ES EL CENTRO?<\/h2>\n<p>[\/et_pb_text][et_pb_text admin_label=\u00bbUn Centro de..\u00bb _builder_version=\u00bb4.18.0&#8243; _module_preset=\u00bbdefault\u00bb text_font=\u00bbNeutra Text Book||||||||\u00bb text_font_size=\u00bb1.2em\u00bb text_orientation=\u00bbjustified\u00bb custom_padding=\u00bb|70px||70px|false|true\u00bb custom_padding_tablet=\u00bb\u00bb custom_padding_phone=\u00bb|30px||30px|false|true\u00bb custom_padding_last_edited=\u00bbon|phone\u00bb global_colors_info=\u00bb{}\u00bb]<\/p>\n<p>Un Centro de Empleo y Emprendimiento, ubicado en la ciudad de Cartagena que ofrece oportunidades de inclusi\u00f3n laboral y productiva a trav\u00e9s de la oferta de servicios especializados y a la medida de promoci\u00f3n de empleo, autoempleo, emprendimiento y desarrollo empresarial.<\/p>\n<p>[\/et_pb_text][\/et_pb_column][\/et_pb_row][et_pb_row admin_label=\u00bb\u00bfQU\u00c9 ES EL CENTRO?\u00bb _builder_version=\u00bb4.17.6&#8243; _module_preset=\u00bbdefault\u00bb background_color=\u00bb#FFFFFF\u00bb width_tablet=\u00bb\u00bb width_phone=\u00bb100%\u00bb width_last_edited=\u00bbon|phone\u00bb custom_padding=\u00bb50px||50px||true|false\u00bb global_colors_info=\u00bb{}\u00bb][et_pb_column type=\u00bb4_4&#8243; _builder_version=\u00bb4.17.6&#8243; _module_preset=\u00bbdefault\u00bb global_colors_info=\u00bb{}\u00bb][et_pb_text admin_label=\u00bb\u00bfQU\u00c9 ES EL CENTRO?\u00bb _builder_version=\u00bb4.17.6&#8243; _module_preset=\u00bbdefault\u00bb header_2_font=\u00bbJunegull||||||||\u00bb header_2_text_align=\u00bbcenter\u00bb header_2_text_color=\u00bb#FFB71B\u00bb header_2_font_size=\u00bb3em\u00bb custom_padding_tablet=\u00bb\u00bb custom_padding_phone=\u00bb|30px||30px|false|true\u00bb custom_padding_last_edited=\u00bbon|phone\u00bb header_2_font_size_tablet=\u00bb3em\u00bb header_2_font_size_phone=\u00bb2.5em\u00bb header_2_font_size_last_edited=\u00bbon|phone\u00bb global_colors_info=\u00bb{}\u00bb]<\/p>\n<h2>\u00bfA QUI\u00c9N EST\u00c1 DIRIGIDO ?<\/h2>\n<p>[\/et_pb_text][et_pb_text admin_label=\u00bbUn Centro de..\u00bb _builder_version=\u00bb4.18.0&#8243; _module_preset=\u00bbdefault\u00bb text_font=\u00bbNeutra Text Book||||||||\u00bb text_font_size=\u00bb1.2em\u00bb text_orientation=\u00bbjustified\u00bb custom_padding=\u00bb|70px||70px|false|true\u00bb custom_padding_tablet=\u00bb\u00bb custom_padding_phone=\u00bb|30px||30px|false|true\u00bb custom_padding_last_edited=\u00bbon|phone\u00bb global_colors_info=\u00bb{}\u00bb]<\/p>\n<p>A todos los habitantes de Cartagena, indistintamente de su edad, raza, condici\u00f3n social que quieran encontrar un empleo para potenciar sus talentos, sacar adelante una idea de negocio o fortalecer un negocio en funcionamiento.<\/p>\n<p>[\/et_pb_text][\/et_pb_column][\/et_pb_row][et_pb_row admin_label=\u00bb\u00bfQU\u00c9 ES EL CENTRO?\u00bb _builder_version=\u00bb4.17.6&#8243; _module_preset=\u00bbdefault\u00bb background_color=\u00bb#F6F6F6&#8243; width_tablet=\u00bb\u00bb width_phone=\u00bb100%\u00bb width_last_edited=\u00bbon|phone\u00bb custom_padding=\u00bb50px||20px||false|false\u00bb global_colors_info=\u00bb{}\u00bb][et_pb_column type=\u00bb4_4&#8243; _builder_version=\u00bb4.17.6&#8243; _module_preset=\u00bbdefault\u00bb global_colors_info=\u00bb{}\u00bb][et_pb_text admin_label=\u00bb\u00bfQU\u00c9 ES EL CENTRO?\u00bb _builder_version=\u00bb4.17.6&#8243; _module_preset=\u00bbdefault\u00bb header_2_font=\u00bbJunegull||||||||\u00bb header_2_text_align=\u00bbcenter\u00bb header_2_text_color=\u00bb#EA6852&#8243; header_2_font_size=\u00bb3em\u00bb header_2_font_size_tablet=\u00bb3em\u00bb header_2_font_size_phone=\u00bb2.5em\u00bb header_2_font_size_last_edited=\u00bbon|phone\u00bb global_colors_info=\u00bb{}\u00bb]<\/p>\n<h2>SERVICIOS<\/h2>\n<p>[\/et_pb_text][\/et_pb_column][\/et_pb_row][et_pb_row column_structure=\u00bb1_4,1_4,1_4,1_4&#8243; use_custom_gutter=\u00bbon\u00bb gutter_width=\u00bb2&#8243; make_equal=\u00bbon\u00bb _builder_version=\u00bb4.18.0&#8243; _module_preset=\u00bbdefault\u00bb background_color=\u00bb#F6F6F6&#8243; width_tablet=\u00bb\u00bb width_phone=\u00bb100%\u00bb width_last_edited=\u00bbon|phone\u00bb custom_padding=\u00bb0px||20px||false|false\u00bb global_colors_info=\u00bb{}\u00bb][et_pb_column type=\u00bb1_4&#8243; _builder_version=\u00bb4.17.6&#8243; _module_preset=\u00bbdefault\u00bb background_color=\u00bb#FFFFFF\u00bb link_option_url=\u00bb\/es\/emprendimiento\/\u00bb global_colors_info=\u00bb{}\u00bb][et_pb_image src=\u00bbhttps:\/\/distritoe.travesiaemprendedora.org\/es\/wp-content\/uploads\/2023\/01\/Home_Emprendimiento.webp\u00bb alt=\u00bbHome Emprendimiento\u00bb title_text=\u00bbHome_Emprendimiento\u00bb align=\u00bbcenter\u00bb _builder_version=\u00bb4.18.0&#8243; _module_preset=\u00bbdefault\u00bb custom_margin=\u00bb||0px||false|false\u00bb custom_padding=\u00bb0px||0px||false|false\u00bb global_colors_info=\u00bb{}\u00bb][\/et_pb_image][et_pb_text _builder_version=\u00bb4.18.0&#8243; _module_preset=\u00bbdefault\u00bb header_3_font=\u00bbNeutra Text Bold||||||||\u00bb header_3_text_align=\u00bbcenter\u00bb header_3_text_color=\u00bb#E43D30&#8243; header_3_font_size=\u00bb23px\u00bb custom_padding=\u00bb30px||||false|false\u00bb global_colors_info=\u00bb{}\u00bb]<\/p>\n<h3>EMPRENDIMIENTO<\/h3>\n<p>[\/et_pb_text][et_pb_text _builder_version=\u00bb4.18.0&#8243; _module_preset=\u00bbdefault\u00bb text_font=\u00bbNeutra Text Book||||||||\u00bb text_font_size=\u00bb1.2em\u00bb text_line_height=\u00bb1.3em\u00bb text_orientation=\u00bbjustified\u00bb custom_padding=\u00bb|20px|20px|20px|false|true\u00bb global_colors_info=\u00bb{}\u00bb]<\/p>\n<p>Potencializador del fortalecimiento empresarial, de ideas, oportunidades de negocio e innovaci\u00f3n.<\/p>\n<p>[\/et_pb_text][\/et_pb_column][et_pb_column type=\u00bb1_4&#8243; _builder_version=\u00bb4.17.6&#8243; _module_preset=\u00bbdefault\u00bb background_color=\u00bb#FFFFFF\u00bb link_option_url=\u00bb\/es\/empleabilidad\/\u00bb global_colors_info=\u00bb{}\u00bb][et_pb_image src=\u00bbhttps:\/\/distritoe.travesiaemprendedora.org\/es\/wp-content\/uploads\/2023\/01\/Home_Empleabilidad.webp\u00bb alt=\u00bbHome Empleabilidad\u00bb title_text=\u00bbHome_Empleabilidad\u00bb align=\u00bbcenter\u00bb _builder_version=\u00bb4.18.0&#8243; _module_preset=\u00bbdefault\u00bb custom_margin=\u00bb||0px||false|false\u00bb custom_padding=\u00bb0px||0px||true|false\u00bb global_colors_info=\u00bb{}\u00bb][\/et_pb_image][et_pb_text _builder_version=\u00bb4.18.0&#8243; _module_preset=\u00bbdefault\u00bb header_3_font=\u00bbNeutra Text Bold||||||||\u00bb header_3_text_align=\u00bbcenter\u00bb header_3_text_color=\u00bb#009845&#8243; header_3_font_size=\u00bb23px\u00bb custom_padding=\u00bb30px||||false|false\u00bb global_colors_info=\u00bb{}\u00bb]<\/p>\n<h3>EMPLEABILIDAD<\/h3>\n<p>[\/et_pb_text][et_pb_text _builder_version=\u00bb4.18.0&#8243; _module_preset=\u00bbdefault\u00bb text_font=\u00bbNeutra Text Book||||||||\u00bb text_font_size=\u00bb1.2em\u00bb text_line_height=\u00bb1.3em\u00bb text_orientation=\u00bbjustified\u00bb custom_padding=\u00bb|20px|20px|20px|false|true\u00bb global_colors_info=\u00bb{}\u00bb]<\/p>\n<p>Catalizador de la empleabilidad en la gesti\u00f3n entre la oferta y demanda laboral.<\/p>\n<p>[\/et_pb_text][\/et_pb_column][et_pb_column type=\u00bb1_4&#8243; _builder_version=\u00bb4.18.0&#8243; _module_preset=\u00bbdefault\u00bb background_color=\u00bb#FFFFFF\u00bb link_option_url=\u00bb\/es\/ecofinanzas\/\u00bb global_colors_info=\u00bb{}\u00bb][et_pb_image src=\u00bbhttps:\/\/distritoe.travesiaemprendedora.org\/es\/wp-content\/uploads\/2023\/01\/Home_Ecofinanzas.webp\u00bb alt=\u00bbHome Ecofinanzas\u00bb title_text=\u00bbHome_Ecofinanzas\u00bb align=\u00bbcenter\u00bb _builder_version=\u00bb4.18.0&#8243; _module_preset=\u00bbdefault\u00bb custom_margin=\u00bb||0px||false|false\u00bb custom_padding=\u00bb0px||0px||true|false\u00bb global_colors_info=\u00bb{}\u00bb][\/et_pb_image][et_pb_text _builder_version=\u00bb4.18.0&#8243; _module_preset=\u00bbdefault\u00bb header_3_font=\u00bbNeutra Text Bold||||||||\u00bb header_3_text_align=\u00bbcenter\u00bb header_3_text_color=\u00bb#FFB71B\u00bb header_3_font_size=\u00bb23px\u00bb custom_padding=\u00bb30px||||false|false\u00bb global_colors_info=\u00bb{}\u00bb]<\/p>\n<h3>ECOFINANZAS<\/h3>\n<p>[\/et_pb_text][et_pb_text _builder_version=\u00bb4.18.0&#8243; _module_preset=\u00bbdefault\u00bb text_font=\u00bbNeutra Text Book||||||||\u00bb text_font_size=\u00bb1.2em\u00bb text_line_height=\u00bb1.3em\u00bb text_orientation=\u00bbjustified\u00bb custom_padding=\u00bb|20px|20px|20px|false|true\u00bb global_colors_info=\u00bb{}\u00bb]<\/p>\n<p>Articulador en la materializaci\u00f3n y consolidaci\u00f3n del tejido microempresarial.<\/p>\n<p>[\/et_pb_text][\/et_pb_column][et_pb_column type=\u00bb1_4&#8243; _builder_version=\u00bb4.18.0&#8243; _module_preset=\u00bbdefault\u00bb background_color=\u00bb#FFFFFF\u00bb link_option_url=\u00bb\/es\/microfranquicias\/\u00bb global_colors_info=\u00bb{}\u00bb][et_pb_image src=\u00bbhttps:\/\/distritoe.travesiaemprendedora.org\/es\/wp-content\/uploads\/2023\/04\/Home_Microfranquicias-.webp\u00bb alt=\u00bbHome Ecofinanzas\u00bb title_text=\u00bbHome_Microfranquicias-\u00bb align=\u00bbcenter\u00bb _builder_version=\u00bb4.18.0&#8243; _module_preset=\u00bbdefault\u00bb custom_margin=\u00bb||0px||false|false\u00bb custom_padding=\u00bb0px||0px||true|false\u00bb global_colors_info=\u00bb{}\u00bb][\/et_pb_image][et_pb_text _builder_version=\u00bb4.18.0&#8243; _module_preset=\u00bbdefault\u00bb header_3_font=\u00bbNeutra Text Bold||||||||\u00bb header_3_text_align=\u00bbcenter\u00bb header_3_text_color=\u00bb#76BC21&#8243; header_3_font_size=\u00bb23px\u00bb custom_padding=\u00bb30px||||false|false\u00bb global_colors_info=\u00bb{}\u00bb]<\/p>\n<h3>MICROFRANQUICIAS<\/h3>\n<p>[\/et_pb_text][et_pb_text _builder_version=\u00bb4.18.0&#8243; _module_preset=\u00bbdefault\u00bb text_font=\u00bbNeutra Text Book||||||||\u00bb text_font_size=\u00bb1.2em\u00bb text_line_height=\u00bb1.3em\u00bb text_orientation=\u00bbjustified\u00bb custom_padding=\u00bb|20px|20px|20px|false|true\u00bb global_colors_info=\u00bb{}\u00bb]<\/p>\n<p>Haz parte de la estrategia para la r\u00e9plica de modelos de negocio exitosos<\/p>\n<p>[\/et_pb_text][\/et_pb_column][\/et_pb_row][\/et_pb_section][et_pb_section fb_built=\u00bb1&#8243; admin_label=\u00bbAliados\u00bb _builder_version=\u00bb4.17.6&#8243; _module_preset=\u00bbdefault\u00bb custom_padding=\u00bb0px||0px||true|false\u00bb global_module=\u00bb161&#8243; saved_tabs=\u00bball\u00bb locked=\u00bboff\u00bb collapsed=\u00bboff\u00bb global_colors_info=\u00bb{}\u00bb][et_pb_row admin_label=\u00bb\u00bfQU\u00c9 ES EL CENTRO?\u00bb _builder_version=\u00bb4.17.6&#8243; _module_preset=\u00bbdefault\u00bb background_color=\u00bb#FFFFFF\u00bb width_tablet=\u00bb\u00bb width_phone=\u00bb100%\u00bb width_last_edited=\u00bbon|phone\u00bb custom_padding=\u00bb50px||50px||true|false\u00bb global_colors_info=\u00bb{}\u00bb][et_pb_column type=\u00bb4_4&#8243; _builder_version=\u00bb4.17.6&#8243; _module_preset=\u00bbdefault\u00bb global_colors_info=\u00bb{}\u00bb][et_pb_text admin_label=\u00bb\u00bfQU\u00c9 ES EL CENTRO?\u00bb _builder_version=\u00bb4.17.6&#8243; _module_preset=\u00bbdefault\u00bb header_2_font=\u00bbJunegull||||||||\u00bb header_2_text_align=\u00bbcenter\u00bb header_2_text_color=\u00bb#76BC21&#8243; header_2_font_size=\u00bb3em\u00bb header_2_font_size_tablet=\u00bb3em\u00bb header_2_font_size_phone=\u00bb2.5em\u00bb header_2_font_size_last_edited=\u00bbon|phone\u00bb global_colors_info=\u00bb{}\u00bb]<\/p>\n<h2>ALIADOS<\/h2>\n<p>[\/et_pb_text][\/et_pb_column][\/et_pb_row][et_pb_row column_structure=\u00bb1_2,1_4,1_4&#8243; use_custom_gutter=\u00bbon\u00bb gutter_width=\u00bb4&#8243; _builder_version=\u00bb4.17.6&#8243; _module_preset=\u00bbdefault\u00bb background_color=\u00bb#FFFFFF\u00bb width_last_edited=\u00bboff|phone\u00bb custom_padding=\u00bb0px||70px||false|false\u00bb global_colors_info=\u00bb{}\u00bb][et_pb_column type=\u00bb1_2&#8243; _builder_version=\u00bb4.17.6&#8243; _module_preset=\u00bbdefault\u00bb background_enable_color=\u00bboff\u00bb global_colors_info=\u00bb{}\u00bb][et_pb_image src=\u00bbhttps:\/\/distritoe.travesiaemprendedora.org\/es\/wp-content\/uploads\/2022\/07\/DistritoCartagena-Logotipo.jpg\u00bb alt=\u00bbDistrito de Cartagena-Logotipo\u00bb title_text=\u00bbDistritoCartagena-Logotipo\u00bb url=\u00bbhttps:\/\/www.cartagena.gov.co\/\u00bb url_new_window=\u00bbon\u00bb align=\u00bbcenter\u00bb _builder_version=\u00bb4.17.6&#8243; _module_preset=\u00bbdefault\u00bb custom_margin=\u00bb||0px||false|false\u00bb custom_padding=\u00bb0px||0px||true|false\u00bb custom_padding_tablet=\u00bb0px||0px||true|false\u00bb custom_padding_phone=\u00bb||50px||false|false\u00bb custom_padding_last_edited=\u00bbon|phone\u00bb global_colors_info=\u00bb{}\u00bb][\/et_pb_image][\/et_pb_column][et_pb_column type=\u00bb1_4&#8243; _builder_version=\u00bb4.17.6&#8243; _module_preset=\u00bbdefault\u00bb background_enable_color=\u00bboff\u00bb global_colors_info=\u00bb{}\u00bb][et_pb_image src=\u00bbhttps:\/\/distritoe.travesiaemprendedora.org\/es\/wp-content\/uploads\/2022\/07\/Conviventia-logotipo.jpg\u00bb alt=\u00bbConviventia Logotipo\u00bb title_text=\u00bbConviventia-logotipo\u00bb url=\u00bbhttps:\/\/conviventia.org\/\u00bb url_new_window=\u00bbon\u00bb align=\u00bbcenter\u00bb _builder_version=\u00bb4.17.6&#8243; _module_preset=\u00bbdefault\u00bb custom_margin=\u00bb||0px||false|false\u00bb custom_padding=\u00bb0px|0px|0px|0px|false|false\u00bb custom_padding_tablet=\u00bb0px|0px|0px|0px|false|false\u00bb custom_padding_phone=\u00bb|60px|50px|60px|false|true\u00bb custom_padding_last_edited=\u00bbon|phone\u00bb global_colors_info=\u00bb{}\u00bb][\/et_pb_image][\/et_pb_column][et_pb_column type=\u00bb1_4&#8243; _builder_version=\u00bb4.17.6&#8243; _module_preset=\u00bbdefault\u00bb background_enable_color=\u00bboff\u00bb global_colors_info=\u00bb{}\u00bb][et_pb_image src=\u00bbhttps:\/\/distritoe.travesiaemprendedora.org\/es\/wp-content\/uploads\/2022\/07\/PNUD-Logotipo.jpg\u00bb alt=\u00bbPNUD Logotipo\u00bb title_text=\u00bbPNUD-Logotipo\u00bb url=\u00bbhttps:\/\/www.undp.org\/es\/colombia\u00bb url_new_window=\u00bbon\u00bb align=\u00bbcenter\u00bb _builder_version=\u00bb4.17.6&#8243; _module_preset=\u00bbdefault\u00bb custom_margin=\u00bb||0px||false|false\u00bb custom_padding=\u00bb0px||0px||true|false\u00bb global_colors_info=\u00bb{}\u00bb][\/et_pb_image][\/et_pb_column][\/et_pb_row][\/et_pb_section]<\/p>\n","protected":false},"excerpt":{"rendered":"<p>\u00bfQU\u00c9 ES EL CENTRO?Un Centro de Empleo y Emprendimiento, ubicado en la ciudad de Cartagena que ofrece oportunidades de inclusi\u00f3n laboral y productiva a trav\u00e9s de la oferta de servicios especializados y a la medida de promoci\u00f3n de empleo, autoempleo, emprendimiento y desarrollo empresarial.\u00bfA QUI\u00c9N EST\u00c1 DIRIGIDO ?A todos los habitantes de Cartagena, indistintamente de [&hellip;]<\/p>\n","protected":false},"author":1,"featured_media":0,"parent":0,"menu_order":0,"comment_status":"closed","ping_status":"closed","template":"","meta":{"_et_pb_use_builder":"on","_et_pb_old_content":"","_et_gb_content_width":"","inline_featured_image":false,"footnotes":""},"yoast_head":"<!-- This site is optimized with the Yoast SEO plugin v22.6 - https:\/\/yoast.com\/wordpress\/plugins\/seo\/ -->\n<title>Inicio - Distrito E<\/title>\n<meta name=\"robots\" content=\"index, follow, max-snippet:-1, max-image-preview:large, max-video-preview:-1\" \/>\n<link rel=\"canonical\" href=\"https:\/\/distritoe.travesiaemprendedora.org\/es\/\" \/>\n<meta property=\"og:locale\" content=\"es_ES\" \/>\n<meta property=\"og:type\" content=\"article\" \/>\n<meta property=\"og:title\" content=\"Inicio - Distrito E\" \/>\n<meta property=\"og:description\" content=\"\u00bfQU\u00c9 ES EL CENTRO?Un Centro de Empleo y Emprendimiento, ubicado en la ciudad de Cartagena que ofrece oportunidades de inclusi\u00f3n laboral y productiva a trav\u00e9s de la oferta de servicios especializados y a la medida de promoci\u00f3n de empleo, autoempleo, emprendimiento y desarrollo empresarial.\u00bfA QUI\u00c9N EST\u00c1 DIRIGIDO ?A todos los habitantes de Cartagena, indistintamente de [&hellip;]\" \/>\n<meta property=\"og:url\" content=\"https:\/\/distritoe.travesiaemprendedora.org\/es\/\" \/>\n<meta property=\"og:site_name\" content=\"Distrito E\" \/>\n<meta property=\"article:modified_time\" content=\"2023-07-26T20:45:35+00:00\" \/>\n<meta name=\"twitter:card\" content=\"summary_large_image\" \/>\n<script type=\"application\/ld+json\" class=\"yoast-schema-graph\">{\"@context\":\"https:\/\/schema.org\",\"@graph\":[{\"@type\":\"WebPage\",\"@id\":\"https:\/\/distritoe.travesiaemprendedora.org\/es\/\",\"url\":\"https:\/\/distritoe.travesiaemprendedora.org\/es\/\",\"name\":\"Inicio - Distrito E\",\"isPartOf\":{\"@id\":\"https:\/\/distritoe.travesiaemprendedora.org\/es\/#website\"},\"datePublished\":\"2022-07-23T21:15:38+00:00\",\"dateModified\":\"2023-07-26T20:45:35+00:00\",\"breadcrumb\":{\"@id\":\"https:\/\/distritoe.travesiaemprendedora.org\/es\/#breadcrumb\"},\"inLanguage\":\"es\",\"potentialAction\":[{\"@type\":\"ReadAction\",\"target\":[\"https:\/\/distritoe.travesiaemprendedora.org\/es\/\"]}]},{\"@type\":\"BreadcrumbList\",\"@id\":\"https:\/\/distritoe.travesiaemprendedora.org\/es\/#breadcrumb\",\"itemListElement\":[{\"@type\":\"ListItem\",\"position\":1,\"name\":\"Portada\",\"item\":\"https:\/\/distritoe.travesiaemprendedora.org\/es\/\"},{\"@type\":\"ListItem\",\"position\":2,\"name\":\"Inicio\"}]},{\"@type\":\"WebSite\",\"@id\":\"https:\/\/distritoe.travesiaemprendedora.org\/es\/#website\",\"url\":\"https:\/\/distritoe.travesiaemprendedora.org\/es\/\",\"name\":\"Distrito E\",\"description\":\"Emprendimiento y Empleabilidad para Cartagena\",\"potentialAction\":[{\"@type\":\"SearchAction\",\"target\":{\"@type\":\"EntryPoint\",\"urlTemplate\":\"https:\/\/distritoe.travesiaemprendedora.org\/es\/?s={search_term_string}\"},\"query-input\":\"required name=search_term_string\"}],\"inLanguage\":\"es\"}]}<\/script>\n<!-- \/ Yoast SEO plugin. -->","yoast_head_json":{"title":"Inicio - Distrito E","robots":{"index":"index","follow":"follow","max-snippet":"max-snippet:-1","max-image-preview":"max-image-preview:large","max-video-preview":"max-video-preview:-1"},"canonical":"https:\/\/distritoe.travesiaemprendedora.org\/es\/","og_locale":"es_ES","og_type":"article","og_title":"Inicio - Distrito E","og_description":"\u00bfQU\u00c9 ES EL CENTRO?Un Centro de Empleo y Emprendimiento, ubicado en la ciudad de Cartagena que ofrece oportunidades de inclusi\u00f3n laboral y productiva a trav\u00e9s de la oferta de servicios especializados y a la medida de promoci\u00f3n de empleo, autoempleo, emprendimiento y desarrollo empresarial.\u00bfA QUI\u00c9N EST\u00c1 DIRIGIDO ?A todos los habitantes de Cartagena, indistintamente de [&hellip;]","og_url":"https:\/\/distritoe.travesiaemprendedora.org\/es\/","og_site_name":"Distrito E","article_modified_time":"2023-07-26T20:45:35+00:00","twitter_card":"summary_large_image","schema":{"@context":"https:\/\/schema.org","@graph":[{"@type":"WebPage","@id":"https:\/\/distritoe.travesiaemprendedora.org\/es\/","url":"https:\/\/distritoe.travesiaemprendedora.org\/es\/","name":"Inicio - Distrito E","isPartOf":{"@id":"https:\/\/distritoe.travesiaemprendedora.org\/es\/#website"},"datePublished":"2022-07-23T21:15:38+00:00","dateModified":"2023-07-26T20:45:35+00:00","breadcrumb":{"@id":"https:\/\/distritoe.travesiaemprendedora.org\/es\/#breadcrumb"},"inLanguage":"es","potentialAction":[{"@type":"ReadAction","target":["https:\/\/distritoe.travesiaemprendedora.org\/es\/"]}]},{"@type":"BreadcrumbList","@id":"https:\/\/distritoe.travesiaemprendedora.org\/es\/#breadcrumb","itemListElement":[{"@type":"ListItem","position":1,"name":"Portada","item":"https:\/\/distritoe.travesiaemprendedora.org\/es\/"},{"@type":"ListItem","position":2,"name":"Inicio"}]},{"@type":"WebSite","@id":"https:\/\/distritoe.travesiaemprendedora.org\/es\/#website","url":"https:\/\/distritoe.travesiaemprendedora.org\/es\/","name":"Distrito E","description":"Emprendimiento y Empleabilidad para Cartagena","potentialAction":[{"@type":"SearchAction","target":{"@type":"EntryPoint","urlTemplate":"https:\/\/distritoe.travesiaemprendedora.org\/es\/?s={search_term_string}"},"query-input":"required name=search_term_string"}],"inLanguage":"es"}]}},"_links":{"self":[{"href":"https:\/\/distritoe.travesiaemprendedora.org\/es\/wp-json\/wp\/v2\/pages\/36"}],"collection":[{"href":"https:\/\/distritoe.travesiaemprendedora.org\/es\/wp-json\/wp\/v2\/pages"}],"about":[{"href":"https:\/\/distritoe.travesiaemprendedora.org\/es\/wp-json\/wp\/v2\/types\/page"}],"author":[{"embeddable":true,"href":"https:\/\/distritoe.travesiaemprendedora.org\/es\/wp-json\/wp\/v2\/users\/1"}],"replies":[{"embeddable":true,"href":"https:\/\/distritoe.travesiaemprendedora.org\/es\/wp-json\/wp\/v2\/comments?post=36"}],"version-history":[{"count":31,"href":"https:\/\/distritoe.travesiaemprendedora.org\/es\/wp-json\/wp\/v2\/pages\/36\/revisions"}],"predecessor-version":[{"id":467,"href":"https:\/\/distritoe.travesiaemprendedora.org\/es\/wp-json\/wp\/v2\/pages\/36\/revisions\/467"}],"wp:attachment":[{"href":"https:\/\/distritoe.travesiaemprendedora.org\/es\/wp-json\/wp\/v2\/media?parent=36"}],"curies":[{"name":"wp","href":"https:\/\/api.w.org\/{rel}","templated":true}]}}