{"id":50,"date":"2022-07-23T17:21:51","date_gmt":"2022-07-23T22:21:51","guid":{"rendered":"https:\/\/distritoe.travesiaemprendedora.org\/es\/?page_id=50"},"modified":"2023-01-30T09:52:13","modified_gmt":"2023-01-30T14:52:13","slug":"empleabilidad","status":"publish","type":"page","link":"https:\/\/distritoe.travesiaemprendedora.org\/es\/empleabilidad\/","title":{"rendered":"EMPLEABILIDAD"},"content":{"rendered":"<p>[et_pb_section fb_built=\u00bb1&#8243; _builder_version=\u00bb4.17.6&#8243; _module_preset=\u00bbdefault\u00bb custom_padding=\u00bb0px||0px||true|false\u00bb locked=\u00bboff\u00bb global_colors_info=\u00bb{}\u00bb][et_pb_row admin_label=\u00bbCabezote\u00bb _builder_version=\u00bb4.17.6&#8243; _module_preset=\u00bbdefault\u00bb width_tablet=\u00bb\u00bb width_phone=\u00bb100%\u00bb width_last_edited=\u00bbon|phone\u00bb custom_padding=\u00bb0px||0px||true|false\u00bb locked=\u00bboff\u00bb collapsed=\u00bbon\u00bb global_colors_info=\u00bb{}\u00bb][et_pb_column type=\u00bb4_4&#8243; _builder_version=\u00bb4.17.6&#8243; _module_preset=\u00bbdefault\u00bb global_colors_info=\u00bb{}\u00bb][et_pb_image src=\u00bbhttps:\/\/distritoe.travesiaemprendedora.org\/es\/wp-content\/uploads\/2023\/01\/Empleabilidad.webp\u00bb alt=\u00bbEmpleabilidad-Movil\u00bb title_text=\u00bbEmpleabilidad-Movil\u00bb align=\u00bbcenter\u00bb src_tablet=\u00bbhttps:\/\/distritoe.travesiaemprendedora.org\/es\/wp-content\/uploads\/2022\/07\/Home.jpg\u00bb src_phone=\u00bbhttps:\/\/distritoe.travesiaemprendedora.org\/es\/wp-content\/uploads\/2023\/01\/Empleabilidad-Movil.webp\u00bb src_last_edited=\u00bbon|phone\u00bb _builder_version=\u00bb4.18.0&#8243; _module_preset=\u00bbdefault\u00bb custom_padding=\u00bb0px||0px||true|false\u00bb hover_enabled=\u00bb0&#8243; global_colors_info=\u00bb{}\u00bb sticky_enabled=\u00bb0&#8243;][\/et_pb_image][\/et_pb_column][\/et_pb_row][et_pb_row column_structure=\u00bb1_3,1_3,1_3&#8243; admin_label=\u00bbTextos\u00bb _builder_version=\u00bb4.17.6&#8243; _module_preset=\u00bbdefault\u00bb custom_padding=\u00bb50px||50px||true|false\u00bb locked=\u00bboff\u00bb collapsed=\u00bbon\u00bb global_colors_info=\u00bb{}\u00bb][et_pb_column type=\u00bb1_3&#8243; _builder_version=\u00bb4.17.6&#8243; _module_preset=\u00bbdefault\u00bb global_colors_info=\u00bb{}\u00bb][et_pb_text _builder_version=\u00bb4.18.0&#8243; _module_preset=\u00bbdefault\u00bb text_font=\u00bbNeutra Text Book||||||||\u00bb text_font_size=\u00bb1.2em\u00bb text_line_height=\u00bb1.3em\u00bb header_3_font=\u00bbJunegull||||||||\u00bb header_3_text_align=\u00bbleft\u00bb header_3_text_color=\u00bb#009845&#8243; header_3_font_size=\u00bb1.5em\u00bb text_orientation=\u00bbjustified\u00bb global_colors_info=\u00bb{}\u00bb]<\/p>\n<h3>Ruta de Orientaci\u00f3n Ocupacional y Vocacional para el Empleo:<\/h3>\n<p>Desarrollar competencias laborales y recibe asistencia en el proceso de b\u00fasqueda de empleo.<\/p>\n<p>[\/et_pb_text][\/et_pb_column][et_pb_column type=\u00bb1_3&#8243; _builder_version=\u00bb4.17.6&#8243; _module_preset=\u00bbdefault\u00bb global_colors_info=\u00bb{}\u00bb][et_pb_text _builder_version=\u00bb4.18.0&#8243; _module_preset=\u00bbdefault\u00bb text_font=\u00bbNeutra Text Book||||||||\u00bb text_font_size=\u00bb1.2em\u00bb text_line_height=\u00bb1.3em\u00bb header_3_font=\u00bbJunegull||||||||\u00bb header_3_text_align=\u00bbleft\u00bb header_3_text_color=\u00bb#009845&#8243; header_3_font_size=\u00bb1.5em\u00bb text_orientation=\u00bbjustified\u00bb global_colors_info=\u00bb{}\u00bb]<\/p>\n<h3>Ruta de Gesti\u00f3n de Oportunidades Laborales:<\/h3>\n<p>Accede a asesor\u00eda y acompa\u00f1amiento en la identificaci\u00f3n de fuentes de empleos (empresas y organizaciones), oportunidades laborales, requisitos y documentaci\u00f3n exigidos y procedimientos para la inscripci\u00f3n y postulaci\u00f3n.<\/p>\n<p>[\/et_pb_text][\/et_pb_column][et_pb_column type=\u00bb1_3&#8243; _builder_version=\u00bb4.17.6&#8243; _module_preset=\u00bbdefault\u00bb global_colors_info=\u00bb{}\u00bb][et_pb_text _builder_version=\u00bb4.18.0&#8243; _module_preset=\u00bbdefault\u00bb text_font=\u00bbNeutra Text Book||||||||\u00bb text_font_size=\u00bb1.2em\u00bb text_line_height=\u00bb1.3em\u00bb header_3_font=\u00bbJunegull||||||||\u00bb header_3_text_align=\u00bbleft\u00bb header_3_text_color=\u00bb#009845&#8243; header_3_font_size=\u00bb1.5em\u00bb text_orientation=\u00bbjustified\u00bb global_colors_info=\u00bb{}\u00bb]<\/p>\n<h3>Ruta de Referenciaci\u00f3n y Articulaci\u00f3n de Alianzas:<\/h3>\n<p>Conoce y accede a otras opciones alrededor de la empleabilidad para tu proyecto de vida.<\/p>\n<p>[\/et_pb_text][\/et_pb_column][\/et_pb_row][et_pb_row admin_label=\u00bbFranja\u00bb _builder_version=\u00bb4.17.6&#8243; _module_preset=\u00bbdefault\u00bb use_background_color_gradient=\u00bbon\u00bb background_color_gradient_direction=\u00bb90deg\u00bb background_color_gradient_stops=\u00bb#76bc21 0%|#009845 99%\u00bb height=\u00bb5px\u00bb custom_padding=\u00bb0px||0px||true|false\u00bb collapsed=\u00bbon\u00bb global_colors_info=\u00bb{}\u00bb][et_pb_column type=\u00bb4_4&#8243; _builder_version=\u00bb4.17.6&#8243; _module_preset=\u00bbdefault\u00bb global_colors_info=\u00bb{}\u00bb][\/et_pb_column][\/et_pb_row][et_pb_row column_structure=\u00bb1_4,3_4&#8243; use_custom_gutter=\u00bbon\u00bb gutter_width=\u00bb2&#8243; admin_label=\u00bbRuta\u00bb _builder_version=\u00bb4.17.6&#8243; _module_preset=\u00bbdefault\u00bb locked=\u00bboff\u00bb collapsed=\u00bbon\u00bb global_colors_info=\u00bb{}\u00bb][et_pb_column type=\u00bb1_4&#8243; _builder_version=\u00bb4.17.6&#8243; _module_preset=\u00bbdefault\u00bb border_width_right=\u00bb5px\u00bb border_color_right=\u00bb#009845&#8243; global_colors_info=\u00bb{}\u00bb][et_pb_text _builder_version=\u00bb4.17.6&#8243; _module_preset=\u00bbdefault\u00bb header_2_font=\u00bbNeutra Text Bold||||||||\u00bb header_2_text_align=\u00bbright\u00bb header_2_text_color=\u00bb#009845&#8243; header_2_font_size=\u00bb3em\u00bb custom_padding=\u00bb|30px|0px||false|false\u00bb global_colors_info=\u00bb{}\u00bb]<\/p>\n<h2>RUTA<\/h2>\n<p>[\/et_pb_text][\/et_pb_column][et_pb_column type=\u00bb3_4&#8243; _builder_version=\u00bb4.17.6&#8243; _module_preset=\u00bbdefault\u00bb global_colors_info=\u00bb{}\u00bb][et_pb_text _builder_version=\u00bb4.18.0&#8243; _module_preset=\u00bbdefault\u00bb text_font=\u00bbNeutra Text Book||||||||\u00bb text_font_size=\u00bb1.2em\u00bb text_line_height=\u00bb1.3em\u00bb text_orientation=\u00bbjustified\u00bb custom_padding_phone=\u00bb|30px||30px|false|true\u00bb custom_padding_last_edited=\u00bboff|desktop\u00bb global_colors_info=\u00bb{}\u00bb]<\/p>\n<p>Puedes participar en todas o en alguna de las rutas del componente de empleabilidad. Un asesor psicosocial te direccionar\u00e1 a la(s) ruta(s) que se adapte(n) a tu proyecto de vida.<\/p>\n<p>[\/et_pb_text][\/et_pb_column][\/et_pb_row][et_pb_row admin_label=\u00bbGr\u00e1fico Ruta\u00bb _builder_version=\u00bb4.17.6&#8243; _module_preset=\u00bbdefault\u00bb locked=\u00bboff\u00bb collapsed=\u00bbon\u00bb global_colors_info=\u00bb{}\u00bb][et_pb_column type=\u00bb4_4&#8243; _builder_version=\u00bb4.17.6&#8243; _module_preset=\u00bbdefault\u00bb global_colors_info=\u00bb{}\u00bb][et_pb_image src=\u00bbhttps:\/\/distritoe.travesiaemprendedora.org\/es\/wp-content\/uploads\/2022\/07\/Ruta-Empleabilidad.svg\u00bb alt=\u00bbRuta Empleabilidad\u00bb title_text=\u00bbRuta-Empleabilidad\u00bb align=\u00bbcenter\u00bb _builder_version=\u00bb4.17.6&#8243; _module_preset=\u00bbdefault\u00bb global_colors_info=\u00bb{}\u00bb][\/et_pb_image][\/et_pb_column][\/et_pb_row][\/et_pb_section][et_pb_section fb_built=\u00bb1&#8243; admin_label=\u00bbAliados\u00bb _builder_version=\u00bb4.17.6&#8243; _module_preset=\u00bbdefault\u00bb custom_padding=\u00bb0px||0px||true|false\u00bb global_module=\u00bb161&#8243; saved_tabs=\u00bball\u00bb locked=\u00bboff\u00bb collapsed=\u00bboff\u00bb global_colors_info=\u00bb{}\u00bb][et_pb_row admin_label=\u00bb\u00bfQU\u00c9 ES EL CENTRO?\u00bb _builder_version=\u00bb4.17.6&#8243; _module_preset=\u00bbdefault\u00bb background_color=\u00bb#FFFFFF\u00bb width_tablet=\u00bb\u00bb width_phone=\u00bb100%\u00bb width_last_edited=\u00bbon|phone\u00bb custom_padding=\u00bb50px||50px||true|false\u00bb global_colors_info=\u00bb{}\u00bb][et_pb_column type=\u00bb4_4&#8243; _builder_version=\u00bb4.17.6&#8243; _module_preset=\u00bbdefault\u00bb global_colors_info=\u00bb{}\u00bb][et_pb_text admin_label=\u00bb\u00bfQU\u00c9 ES EL CENTRO?\u00bb _builder_version=\u00bb4.17.6&#8243; _module_preset=\u00bbdefault\u00bb header_2_font=\u00bbJunegull||||||||\u00bb header_2_text_align=\u00bbcenter\u00bb header_2_text_color=\u00bb#76BC21&#8243; header_2_font_size=\u00bb3em\u00bb header_2_font_size_tablet=\u00bb3em\u00bb header_2_font_size_phone=\u00bb2.5em\u00bb header_2_font_size_last_edited=\u00bbon|phone\u00bb global_colors_info=\u00bb{}\u00bb]<\/p>\n<h2>ALIADOS<\/h2>\n<p>[\/et_pb_text][\/et_pb_column][\/et_pb_row][et_pb_row column_structure=\u00bb1_2,1_4,1_4&#8243; use_custom_gutter=\u00bbon\u00bb gutter_width=\u00bb4&#8243; _builder_version=\u00bb4.17.6&#8243; _module_preset=\u00bbdefault\u00bb background_color=\u00bb#FFFFFF\u00bb width_last_edited=\u00bboff|phone\u00bb custom_padding=\u00bb0px||70px||false|false\u00bb global_colors_info=\u00bb{}\u00bb][et_pb_column type=\u00bb1_2&#8243; _builder_version=\u00bb4.17.6&#8243; _module_preset=\u00bbdefault\u00bb background_enable_color=\u00bboff\u00bb global_colors_info=\u00bb{}\u00bb][et_pb_image src=\u00bbhttps:\/\/distritoe.travesiaemprendedora.org\/es\/wp-content\/uploads\/2022\/07\/DistritoCartagena-Logotipo.jpg\u00bb alt=\u00bbDistrito de Cartagena-Logotipo\u00bb title_text=\u00bbDistritoCartagena-Logotipo\u00bb url=\u00bbhttps:\/\/www.cartagena.gov.co\/\u00bb url_new_window=\u00bbon\u00bb align=\u00bbcenter\u00bb _builder_version=\u00bb4.17.6&#8243; _module_preset=\u00bbdefault\u00bb custom_margin=\u00bb||0px||false|false\u00bb custom_padding=\u00bb0px||0px||true|false\u00bb custom_padding_tablet=\u00bb0px||0px||true|false\u00bb custom_padding_phone=\u00bb||50px||false|false\u00bb custom_padding_last_edited=\u00bbon|phone\u00bb global_colors_info=\u00bb{}\u00bb][\/et_pb_image][\/et_pb_column][et_pb_column type=\u00bb1_4&#8243; _builder_version=\u00bb4.17.6&#8243; _module_preset=\u00bbdefault\u00bb background_enable_color=\u00bboff\u00bb global_colors_info=\u00bb{}\u00bb][et_pb_image src=\u00bbhttps:\/\/distritoe.travesiaemprendedora.org\/es\/wp-content\/uploads\/2022\/07\/Conviventia-logotipo.jpg\u00bb alt=\u00bbConviventia Logotipo\u00bb title_text=\u00bbConviventia-logotipo\u00bb url=\u00bbhttps:\/\/conviventia.org\/\u00bb url_new_window=\u00bbon\u00bb align=\u00bbcenter\u00bb _builder_version=\u00bb4.17.6&#8243; _module_preset=\u00bbdefault\u00bb custom_margin=\u00bb||0px||false|false\u00bb custom_padding=\u00bb0px|0px|0px|0px|false|false\u00bb custom_padding_tablet=\u00bb0px|0px|0px|0px|false|false\u00bb custom_padding_phone=\u00bb|60px|50px|60px|false|true\u00bb custom_padding_last_edited=\u00bbon|phone\u00bb global_colors_info=\u00bb{}\u00bb][\/et_pb_image][\/et_pb_column][et_pb_column type=\u00bb1_4&#8243; _builder_version=\u00bb4.17.6&#8243; _module_preset=\u00bbdefault\u00bb background_enable_color=\u00bboff\u00bb global_colors_info=\u00bb{}\u00bb][et_pb_image src=\u00bbhttps:\/\/distritoe.travesiaemprendedora.org\/es\/wp-content\/uploads\/2022\/07\/PNUD-Logotipo.jpg\u00bb alt=\u00bbPNUD Logotipo\u00bb title_text=\u00bbPNUD-Logotipo\u00bb url=\u00bbhttps:\/\/www.undp.org\/es\/colombia\u00bb url_new_window=\u00bbon\u00bb align=\u00bbcenter\u00bb _builder_version=\u00bb4.17.6&#8243; _module_preset=\u00bbdefault\u00bb custom_margin=\u00bb||0px||false|false\u00bb custom_padding=\u00bb0px||0px||true|false\u00bb global_colors_info=\u00bb{}\u00bb][\/et_pb_image][\/et_pb_column][\/et_pb_row][\/et_pb_section]<\/p>\n","protected":false},"excerpt":{"rendered":"<p>Ruta de Orientaci\u00f3n Ocupacional y Vocacional para el Empleo: Desarrollar competencias laborales y recibe asistencia en el proceso de b\u00fasqueda de empleo.Ruta de Gesti\u00f3n de Oportunidades Laborales: Accede a asesor\u00eda y acompa\u00f1amiento en la identificaci\u00f3n de fuentes de empleos (empresas y organizaciones), oportunidades laborales, requisitos y documentaci\u00f3n exigidos y procedimientos para la inscripci\u00f3n y postulaci\u00f3n.Ruta [&hellip;]<\/p>\n","protected":false},"author":1,"featured_media":0,"parent":0,"menu_order":0,"comment_status":"closed","ping_status":"closed","template":"","meta":{"_et_pb_use_builder":"on","_et_pb_old_content":"","_et_gb_content_width":"","inline_featured_image":false,"footnotes":""},"yoast_head":"<!-- This site is optimized with the Yoast SEO plugin v22.6 - https:\/\/yoast.com\/wordpress\/plugins\/seo\/ -->\n<title>EMPLEABILIDAD - Distrito E<\/title>\n<meta name=\"robots\" content=\"index, follow, max-snippet:-1, max-image-preview:large, max-video-preview:-1\" \/>\n<link rel=\"canonical\" href=\"https:\/\/distritoe.travesiaemprendedora.org\/es\/empleabilidad\/\" \/>\n<meta property=\"og:locale\" content=\"es_ES\" \/>\n<meta property=\"og:type\" content=\"article\" \/>\n<meta property=\"og:title\" content=\"EMPLEABILIDAD - Distrito E\" \/>\n<meta property=\"og:description\" content=\"Ruta de Orientaci\u00f3n Ocupacional y Vocacional para el Empleo: Desarrollar competencias laborales y recibe asistencia en el proceso de b\u00fasqueda de empleo.Ruta de Gesti\u00f3n de Oportunidades Laborales: Accede a asesor\u00eda y acompa\u00f1amiento en la identificaci\u00f3n de fuentes de empleos (empresas y organizaciones), oportunidades laborales, requisitos y documentaci\u00f3n exigidos y procedimientos para la inscripci\u00f3n y postulaci\u00f3n.Ruta [&hellip;]\" \/>\n<meta property=\"og:url\" content=\"https:\/\/distritoe.travesiaemprendedora.org\/es\/empleabilidad\/\" \/>\n<meta property=\"og:site_name\" content=\"Distrito E\" \/>\n<meta property=\"article:modified_time\" content=\"2023-01-30T14:52:13+00:00\" \/>\n<meta name=\"twitter:card\" content=\"summary_large_image\" \/>\n<script type=\"application\/ld+json\" class=\"yoast-schema-graph\">{\"@context\":\"https:\/\/schema.org\",\"@graph\":[{\"@type\":\"WebPage\",\"@id\":\"https:\/\/distritoe.travesiaemprendedora.org\/es\/empleabilidad\/\",\"url\":\"https:\/\/distritoe.travesiaemprendedora.org\/es\/empleabilidad\/\",\"name\":\"EMPLEABILIDAD - Distrito E\",\"isPartOf\":{\"@id\":\"https:\/\/distritoe.travesiaemprendedora.org\/es\/#website\"},\"datePublished\":\"2022-07-23T22:21:51+00:00\",\"dateModified\":\"2023-01-30T14:52:13+00:00\",\"breadcrumb\":{\"@id\":\"https:\/\/distritoe.travesiaemprendedora.org\/es\/empleabilidad\/#breadcrumb\"},\"inLanguage\":\"es\",\"potentialAction\":[{\"@type\":\"ReadAction\",\"target\":[\"https:\/\/distritoe.travesiaemprendedora.org\/es\/empleabilidad\/\"]}]},{\"@type\":\"BreadcrumbList\",\"@id\":\"https:\/\/distritoe.travesiaemprendedora.org\/es\/empleabilidad\/#breadcrumb\",\"itemListElement\":[{\"@type\":\"ListItem\",\"position\":1,\"name\":\"Portada\",\"item\":\"https:\/\/distritoe.travesiaemprendedora.org\/es\/\"},{\"@type\":\"ListItem\",\"position\":2,\"name\":\"EMPLEABILIDAD\"}]},{\"@type\":\"WebSite\",\"@id\":\"https:\/\/distritoe.travesiaemprendedora.org\/es\/#website\",\"url\":\"https:\/\/distritoe.travesiaemprendedora.org\/es\/\",\"name\":\"Distrito E\",\"description\":\"Emprendimiento y Empleabilidad para Cartagena\",\"potentialAction\":[{\"@type\":\"SearchAction\",\"target\":{\"@type\":\"EntryPoint\",\"urlTemplate\":\"https:\/\/distritoe.travesiaemprendedora.org\/es\/?s={search_term_string}\"},\"query-input\":\"required name=search_term_string\"}],\"inLanguage\":\"es\"}]}<\/script>\n<!-- \/ Yoast SEO plugin. -->","yoast_head_json":{"title":"EMPLEABILIDAD - Distrito E","robots":{"index":"index","follow":"follow","max-snippet":"max-snippet:-1","max-image-preview":"max-image-preview:large","max-video-preview":"max-video-preview:-1"},"canonical":"https:\/\/distritoe.travesiaemprendedora.org\/es\/empleabilidad\/","og_locale":"es_ES","og_type":"article","og_title":"EMPLEABILIDAD - Distrito E","og_description":"Ruta de Orientaci\u00f3n Ocupacional y Vocacional para el Empleo: Desarrollar competencias laborales y recibe asistencia en el proceso de b\u00fasqueda de empleo.Ruta de Gesti\u00f3n de Oportunidades Laborales: Accede a asesor\u00eda y acompa\u00f1amiento en la identificaci\u00f3n de fuentes de empleos (empresas y organizaciones), oportunidades laborales, requisitos y documentaci\u00f3n exigidos y procedimientos para la inscripci\u00f3n y postulaci\u00f3n.Ruta [&hellip;]","og_url":"https:\/\/distritoe.travesiaemprendedora.org\/es\/empleabilidad\/","og_site_name":"Distrito E","article_modified_time":"2023-01-30T14:52:13+00:00","twitter_card":"summary_large_image","schema":{"@context":"https:\/\/schema.org","@graph":[{"@type":"WebPage","@id":"https:\/\/distritoe.travesiaemprendedora.org\/es\/empleabilidad\/","url":"https:\/\/distritoe.travesiaemprendedora.org\/es\/empleabilidad\/","name":"EMPLEABILIDAD - Distrito E","isPartOf":{"@id":"https:\/\/distritoe.travesiaemprendedora.org\/es\/#website"},"datePublished":"2022-07-23T22:21:51+00:00","dateModified":"2023-01-30T14:52:13+00:00","breadcrumb":{"@id":"https:\/\/distritoe.travesiaemprendedora.org\/es\/empleabilidad\/#breadcrumb"},"inLanguage":"es","potentialAction":[{"@type":"ReadAction","target":["https:\/\/distritoe.travesiaemprendedora.org\/es\/empleabilidad\/"]}]},{"@type":"BreadcrumbList","@id":"https:\/\/distritoe.travesiaemprendedora.org\/es\/empleabilidad\/#breadcrumb","itemListElement":[{"@type":"ListItem","position":1,"name":"Portada","item":"https:\/\/distritoe.travesiaemprendedora.org\/es\/"},{"@type":"ListItem","position":2,"name":"EMPLEABILIDAD"}]},{"@type":"WebSite","@id":"https:\/\/distritoe.travesiaemprendedora.org\/es\/#website","url":"https:\/\/distritoe.travesiaemprendedora.org\/es\/","name":"Distrito E","description":"Emprendimiento y Empleabilidad para Cartagena","potentialAction":[{"@type":"SearchAction","target":{"@type":"EntryPoint","urlTemplate":"https:\/\/distritoe.travesiaemprendedora.org\/es\/?s={search_term_string}"},"query-input":"required name=search_term_string"}],"inLanguage":"es"}]}},"_links":{"self":[{"href":"https:\/\/distritoe.travesiaemprendedora.org\/es\/wp-json\/wp\/v2\/pages\/50"}],"collection":[{"href":"https:\/\/distritoe.travesiaemprendedora.org\/es\/wp-json\/wp\/v2\/pages"}],"about":[{"href":"https:\/\/distritoe.travesiaemprendedora.org\/es\/wp-json\/wp\/v2\/types\/page"}],"author":[{"embeddable":true,"href":"https:\/\/distritoe.travesiaemprendedora.org\/es\/wp-json\/wp\/v2\/users\/1"}],"replies":[{"embeddable":true,"href":"https:\/\/distritoe.travesiaemprendedora.org\/es\/wp-json\/wp\/v2\/comments?post=50"}],"version-history":[{"count":12,"href":"https:\/\/distritoe.travesiaemprendedora.org\/es\/wp-json\/wp\/v2\/pages\/50\/revisions"}],"predecessor-version":[{"id":391,"href":"https:\/\/distritoe.travesiaemprendedora.org\/es\/wp-json\/wp\/v2\/pages\/50\/revisions\/391"}],"wp:attachment":[{"href":"https:\/\/distritoe.travesiaemprendedora.org\/es\/wp-json\/wp\/v2\/media?parent=50"}],"curies":[{"name":"wp","href":"https:\/\/api.w.org\/{rel}","templated":true}]}}